{"id":55,"date":"2021-02-03T11:10:59","date_gmt":"2021-02-03T11:10:59","guid":{"rendered":"https:\/\/gestimedios.com\/?page_id=55"},"modified":"2021-06-25T07:18:11","modified_gmt":"2021-06-25T07:18:11","slug":"empresa","status":"publish","type":"page","link":"https:\/\/centrodenegocioscordoba.com\/asesoriaindustrial\/empresa\/","title":{"rendered":"Empresa"},"content":{"rendered":"<p>[et_pb_section fb_built=\u00bb1&#8243; _builder_version=\u00bb4.8.2&#8243; _module_preset=\u00bbdefault\u00bb][et_pb_row _builder_version=\u00bb4.8.2&#8243; _module_preset=\u00bbdefault\u00bb][et_pb_column type=\u00bb4_4&#8243; _builder_version=\u00bb4.8.2&#8243; _module_preset=\u00bbdefault\u00bb][et_pb_text _builder_version=\u00bb4.9.4&#8243; _module_preset=\u00bbdefault\u00bb text_text_color=\u00bb#DFB758&#8243; header_text_align=\u00bbcenter\u00bb header_text_color=\u00bb#bf9f3f\u00bb header_font_size=\u00bb35px\u00bb custom_padding=\u00bb0px|||||\u00bb hover_enabled=\u00bb0&#8243; text_font_size=\u00bb20px\u00bb sticky_enabled=\u00bb0&#8243;]<\/p>\n<h1><strong>EMPRESA<\/strong><\/h1>\n<p>[\/et_pb_text][\/et_pb_column][\/et_pb_row][et_pb_row column_structure=\u00bb1_3,2_3&#8243; _builder_version=\u00bb4.8.2&#8243; _module_preset=\u00bbdefault\u00bb][et_pb_column type=\u00bb1_3&#8243; _builder_version=\u00bb4.8.2&#8243; _module_preset=\u00bbdefault\u00bb][et_pb_image src=\u00bbhttps:\/\/centrodenegocioscordoba.com\/asesoriaindustrial\/wp-content\/uploads\/sites\/12\/2021\/06\/pexels-fauxels-3184299-1-scaled.jpg\u00bb title_text=\u00bbpexels-fauxels-3184299&#8243; _builder_version=\u00bb4.9.4&#8243; _module_preset=\u00bbdefault\u00bb custom_padding=\u00bb|||58px||\u00bb][\/et_pb_image][\/et_pb_column][et_pb_column type=\u00bb2_3&#8243; _builder_version=\u00bb4.8.2&#8243; _module_preset=\u00bbdefault\u00bb][et_pb_text _builder_version=\u00bb4.9.4&#8243; _module_preset=\u00bbdefault\u00bb custom_padding=\u00bb||3px|||\u00bb]<\/p>\n<p><span style=\"font-size: large;\"><\/span><\/p>\n<p><span style=\"font-size: large;\"><\/span><\/p>\n<p><span style=\"font-size: large;\">1 .Ofrecemos servicios profesionales de gesti\u00f3n dedicados al <strong>desarrollo de PYMES industriales<\/strong>: Consultor\u00eda de desarrollo Organizacional, Asesor\u00eda jur\u00eddica, laboral, mercantil, fiscal, contable, PRL, mediaci\u00f3n, formaci\u00f3n y coaching ejecutivo y de equipos.<\/span><\/p>\n<p>[\/et_pb_text][\/et_pb_column][\/et_pb_row][et_pb_row column_structure=\u00bb3_5,2_5&#8243; _builder_version=\u00bb4.9.4&#8243; _module_preset=\u00bbdefault\u00bb][et_pb_column type=\u00bb3_5&#8243; _builder_version=\u00bb4.9.4&#8243; _module_preset=\u00bbdefault\u00bb][et_pb_text _builder_version=\u00bb4.9.4&#8243; _module_preset=\u00bbdefault\u00bb custom_padding=\u00bb||0px|||\u00bb]<\/p>\n<p><span style=\"font-size: large;\"><\/span><\/p>\n<p><span style=\"font-size: large;\"><\/span><\/p>\n<p><span style=\"font-size: large;\"><\/span><\/p>\n<p><span style=\"font-size: large;\"><\/span><\/p>\n<p><span style=\"font-size: large;\">2.Acompa\u00f1amos a las PYMES hacia niveles de evoluci\u00f3n de <strong>Excelencia Industrial\u00a0 aportando lo que se necesita y cuando se necesita<\/strong><\/span><strong>.<\/strong><\/p>\n<p>[\/et_pb_text][\/et_pb_column][et_pb_column type=\u00bb2_5&#8243; _builder_version=\u00bb4.9.4&#8243; _module_preset=\u00bbdefault\u00bb][et_pb_image src=\u00bbhttps:\/\/centrodenegocioscordoba.com\/asesoriaindustrial\/wp-content\/uploads\/sites\/12\/2021\/06\/pexels-martin-pechy-1295485-scaled.jpg\u00bb title_text=\u00bbpexels-martin-p\u00e9chy-1295485&#8243; _builder_version=\u00bb4.9.4&#8243; _module_preset=\u00bbdefault\u00bb custom_padding=\u00bb|111px||||\u00bb][\/et_pb_image][\/et_pb_column][\/et_pb_row][et_pb_row column_structure=\u00bb1_3,2_3&#8243; _builder_version=\u00bb4.9.4&#8243; _module_preset=\u00bbdefault\u00bb][et_pb_column type=\u00bb1_3&#8243; _builder_version=\u00bb4.9.4&#8243; _module_preset=\u00bbdefault\u00bb][et_pb_image src=\u00bbhttps:\/\/centrodenegocioscordoba.com\/asesoriaindustrial\/wp-content\/uploads\/sites\/12\/2021\/06\/pexels-cottonbro-7438102-1-scaled.jpg\u00bb title_text=\u00bbpexels-cottonbro-7438102&#8243; _builder_version=\u00bb4.9.4&#8243; _module_preset=\u00bbdefault\u00bb width=\u00bb82.2%\u00bb custom_margin=\u00bb|15px||77px||\u00bb][\/et_pb_image][\/et_pb_column][et_pb_column type=\u00bb2_3&#8243; _builder_version=\u00bb4.9.4&#8243; _module_preset=\u00bbdefault\u00bb][et_pb_text _builder_version=\u00bb4.9.4&#8243; _module_preset=\u00bbdefault\u00bb]<\/p>\n<p><span style=\"font-size: large;\"><\/span><\/p>\n<p><span style=\"font-size: large;\"><\/span><\/p>\n<p><span style=\"font-size: large;\"><\/span><\/p>\n<p><span style=\"font-size: large;\"><\/span><\/p>\n<p><span style=\"font-size: large;\"><\/span><\/p>\n<p><span style=\"font-size: large;\">3.Nuestra filosof\u00eda de servicio est\u00e1 abierta hacia la direcci\u00f3n y desarrollo de personas y equipos, basada en <strong>metodolog\u00edas <i>\u201c<\/i><i>Zero<\/i> <i>Conflict<\/i><i>\u201d\u00a0 <\/i><\/strong>o de reducci\u00f3n de conflictos y problemas de todo tipo.<\/span><\/p>\n<p>[\/et_pb_text][\/et_pb_column][\/et_pb_row][et_pb_row column_structure=\u00bb3_5,2_5&#8243; _builder_version=\u00bb4.9.4&#8243; _module_preset=\u00bbdefault\u00bb][et_pb_column type=\u00bb3_5&#8243; _builder_version=\u00bb4.9.4&#8243; _module_preset=\u00bbdefault\u00bb][et_pb_text _builder_version=\u00bb4.9.4&#8243; _module_preset=\u00bbdefault\u00bb]<\/p>\n<p><span style=\"font-size: large;\"><\/span><\/p>\n<p><span style=\"font-size: large;\"><\/span><\/p>\n<p><span style=\"font-size: large;\"><\/span><\/p>\n<p><span style=\"font-size: large;\"><\/span><\/p>\n<p><span style=\"font-size: large;\">4.Somos los \u00fanicos en el mercado que aplicamos un sistema propio de desarrollo de PYMES denominado AIM (An\u00e1lisis Integrado Multidisciplinar) enfocado a la eliminaci\u00f3n de conflictos, p\u00e9rdidas y costes innecesarios con resultados a corto, medio y largo plazo.<\/span><\/p>\n<p>[\/et_pb_text][\/et_pb_column][et_pb_column type=\u00bb2_5&#8243; _builder_version=\u00bb4.9.4&#8243; _module_preset=\u00bbdefault\u00bb][et_pb_image src=\u00bbhttps:\/\/centrodenegocioscordoba.com\/asesoriaindustrial\/wp-content\/uploads\/sites\/12\/2021\/06\/pexels-fauxels-3184423-scaled.jpg\u00bb title_text=\u00bbpexels-fauxels-3184423&#8243; _builder_version=\u00bb4.9.4&#8243; _module_preset=\u00bbdefault\u00bb custom_padding=\u00bb|109px||||\u00bb][\/et_pb_image][\/et_pb_column][\/et_pb_row][et_pb_row column_structure=\u00bb1_3,2_3&#8243; _builder_version=\u00bb4.9.4&#8243; _module_preset=\u00bbdefault\u00bb][et_pb_column type=\u00bb1_3&#8243; _builder_version=\u00bb4.9.4&#8243; _module_preset=\u00bbdefault\u00bb][et_pb_image src=\u00bbhttps:\/\/centrodenegocioscordoba.com\/asesoriaindustrial\/wp-content\/uploads\/sites\/12\/2021\/06\/pexels-fauxels-3183150-scaled.jpg\u00bb title_text=\u00bbpexels-fauxels-3183150&#8243; _builder_version=\u00bb4.9.4&#8243; _module_preset=\u00bbdefault\u00bb custom_margin=\u00bb|-27px||||\u00bb custom_padding=\u00bb|3px||82px||\u00bb][\/et_pb_image][\/et_pb_column][et_pb_column type=\u00bb2_3&#8243; _builder_version=\u00bb4.9.4&#8243; _module_preset=\u00bbdefault\u00bb][et_pb_text _builder_version=\u00bb4.9.4&#8243; _module_preset=\u00bbdefault\u00bb]<\/p>\n<p><span style=\"font-size: large;\"><\/span><\/p>\n<p><span style=\"font-size: large;\"><\/span><\/p>\n<p><span style=\"font-size: large;\"><\/span><\/p>\n<p><span style=\"font-size: large;\"><\/span><\/p>\n<p><span style=\"font-size: large;\">5.Somos expertos en <strong>Productividad de Equipos y Personas<\/strong><\/span><\/p>\n<p>[\/et_pb_text][\/et_pb_column][\/et_pb_row][et_pb_row column_structure=\u00bb3_5,2_5&#8243; _builder_version=\u00bb4.9.4&#8243; _module_preset=\u00bbdefault\u00bb][et_pb_column type=\u00bb3_5&#8243; _builder_version=\u00bb4.9.4&#8243; _module_preset=\u00bbdefault\u00bb][et_pb_text _builder_version=\u00bb4.9.4&#8243; _module_preset=\u00bbdefault\u00bb]<\/p>\n<p><span style=\"font-size: large;\">6.Somos <strong>asesores, consultores, investigadores, mediadores y coaches<\/strong>, todo a la vez, y entendemos los resultados como un todo integrado, por ello damos servicios integrados en todas las disciplinas a la vez, seg\u00fan necesidades<\/span><\/p>\n<p>[\/et_pb_text][\/et_pb_column][et_pb_column type=\u00bb2_5&#8243; _builder_version=\u00bb4.9.4&#8243; _module_preset=\u00bbdefault\u00bb][et_pb_image src=\u00bbhttps:\/\/centrodenegocioscordoba.com\/asesoriaindustrial\/wp-content\/uploads\/sites\/12\/2021\/06\/pexels-fauxels-3182834-1-scaled.jpg\u00bb title_text=\u00bbpexels-fauxels-3182834&#8243; _builder_version=\u00bb4.9.4&#8243; _module_preset=\u00bbdefault\u00bb custom_padding=\u00bb|100px||||\u00bb][\/et_pb_image][\/et_pb_column][\/et_pb_row][\/et_pb_section]<\/p>\n","protected":false},"excerpt":{"rendered":"<p>EMPRESA 1 .Ofrecemos servicios profesionales de gesti\u00f3n dedicados al desarrollo de PYMES industriales: Consultor\u00eda de desarrollo Organizacional, Asesor\u00eda jur\u00eddica, laboral, mercantil, fiscal, contable, PRL, mediaci\u00f3n, formaci\u00f3n y coaching ejecutivo y de equipos. 2.Acompa\u00f1amos a las PYMES hacia niveles de evoluci\u00f3n de Excelencia Industrial\u00a0 aportando lo que se necesita y cuando se necesita. 3.Nuestra filosof\u00eda de [&hellip;]<\/p>\n","protected":false},"author":1,"featured_media":0,"parent":0,"menu_order":0,"comment_status":"closed","ping_status":"closed","template":"","meta":{"_et_pb_use_builder":"on","_et_pb_old_content":"","_et_gb_content_width":"","footnotes":""},"class_list":["post-55","page","type-page","status-publish","hentry"],"_links":{"self":[{"href":"https:\/\/centrodenegocioscordoba.com\/asesoriaindustrial\/wp-json\/wp\/v2\/pages\/55","targetHints":{"allow":["GET"]}}],"collection":[{"href":"https:\/\/centrodenegocioscordoba.com\/asesoriaindustrial\/wp-json\/wp\/v2\/pages"}],"about":[{"href":"https:\/\/centrodenegocioscordoba.com\/asesoriaindustrial\/wp-json\/wp\/v2\/types\/page"}],"author":[{"embeddable":true,"href":"https:\/\/centrodenegocioscordoba.com\/asesoriaindustrial\/wp-json\/wp\/v2\/users\/1"}],"replies":[{"embeddable":true,"href":"https:\/\/centrodenegocioscordoba.com\/asesoriaindustrial\/wp-json\/wp\/v2\/comments?post=55"}],"version-history":[{"count":4,"href":"https:\/\/centrodenegocioscordoba.com\/asesoriaindustrial\/wp-json\/wp\/v2\/pages\/55\/revisions"}],"predecessor-version":[{"id":161,"href":"https:\/\/centrodenegocioscordoba.com\/asesoriaindustrial\/wp-json\/wp\/v2\/pages\/55\/revisions\/161"}],"wp:attachment":[{"href":"https:\/\/centrodenegocioscordoba.com\/asesoriaindustrial\/wp-json\/wp\/v2\/media?parent=55"}],"curies":[{"name":"wp","href":"https:\/\/api.w.org\/{rel}","templated":true}]}}